  {"id":309236,"date":"2025-07-10T15:12:59","date_gmt":"2025-07-10T19:12:59","guid":{"rendered":"https:\/\/www.un.org\/unispal\/?post_type=document&#038;p=309236"},"modified":"2025-07-22T15:14:38","modified_gmt":"2025-07-22T19:14:38","slug":"la-question-de-la-palestine-ne-concerne-pas-seulement-le-peuple-palestinien-mais-la-survie-de-lhumanite-et-jerusalem-nest-pas-simplement-une-terre-occupee-cest-une-identite-une-foi-et-une-hi","status":"publish","type":"document","link":"https:\/\/www.un.org\/unispal\/document\/la-question-de-la-palestine-ne-concerne-pas-seulement-le-peuple-palestinien-mais-la-survie-de-lhumanite-et-jerusalem-nest-pas-simplement-une-terre-occupee-cest-une-identite-une-foi-et-une-hi\/","title":{"rendered":"La Question De La Palestine Ne Concerne Pas Seulement Le Peuple Palestinien, Mais La Survie De L&#8217;humanit\u00e9 Et J\u00e9rusalem N&#8217;est Pas Simplement Une Terre Occup\u00e9e &#8211; C&#8217;est Une Identit\u00e9, Une Foi Et Une Histoire Occup\u00e9es"},"content":{"rendered":"<h3><\/h3>\n<p>10 juillet 2025<\/p>\n<h3><img decoding=\"async\" class=\"lazyload  wp-image-290803 aligncenter\" src=\"data:image\/svg+xml,%3Csvg%20xmlns%3D%27http%3A%2F%2Fwww.w3.org%2F2000%2Fsvg%27%20width%3D%27274%27%20height%3D%27274%27%20viewBox%3D%270%200%20274%20274%27%3E%3Crect%20width%3D%27274%27%20height%3D%27274%27%20fill-opacity%3D%220%22%2F%3E%3C%2Fsvg%3E\" data-orig-src=\"https:\/\/www.un.org\/unispal\/wp-content\/uploads\/2023\/11\/1_Original-1024x1024.png\" alt=\"\" width=\"274\" height=\"274\" \/><\/h3>\n<h3 style=\"text-align: center\"><strong>Le Comit\u00e9 des Nations Unies pour l&#8217;exercice des droits inali\u00e9nables du peuple palestinien<\/strong><\/h3>\n<h2 style=\"text-align: center\"><strong>La Question De La Palestine Ne Concerne Pas Seulement Le Peuple Palestinien, Mais La Survie De L&#8217;humanit\u00e9 Et J\u00e9rusalem N&#8217;est Pas Simplement Une Terre Occup\u00e9e &#8211; C&#8217;est Une Identit\u00e9, Une Foi Et Une Histoire Occup\u00e9es<\/strong><\/h2>\n<p><strong>\u00a0<\/strong><\/p>\n<p><strong>Dakar, 10 juillet 2025<\/strong> \u2013 La Conf\u00e9rence sur la question de J\u00e9rusalem, organis\u00e9e le mercredi 9 juillet, conjointement par le Comit\u00e9 des Nations Unies pour l&#8217;exercice des droits inali\u00e9nables du peuple palestinien, sous la pr\u00e9sidence du S\u00e9n\u00e9gal et de l&#8217;Organisation de la coop\u00e9ration islamique, avait pour th\u00e8me \u00ab\u00a0Oppression et d\u00e9placement des Palestiniens \u00e0 J\u00e9rusalem \u00e0 l&#8217;ombre de la guerre\u00a0: Un microcosme de la situation dans l&#8217;ensemble du territoire palestinien occup\u00e9\u00a0\u00bb. Le ministre de l&#8217;Int\u00e9rieur et de la S\u00e9curit\u00e9 publique, Jean-Baptiste Tine, a prononc\u00e9 un discours d&#8217;ouverture. Les \u00c9tats membres bas\u00e9s dans la capitale ont appel\u00e9 \u00e0 l&#8217;unanimit\u00e9 \u00e0 un cessez-le-feu imm\u00e9diat et global et au retrait total des forces isra\u00e9liennes de Gaza, \u00e0 l&#8217;ouverture de tous les points de passage pour l&#8217;acheminement de l&#8217;aide et \u00e0 une assistance humanitaire sans entrave et durable \u00e0 tous les civils de Gaza. Les crimes commis \u00e0 J\u00e9rusalem-Est et en Cisjordanie comprennent l&#8217;expansion des colonies, l&#8217;annexion ill\u00e9gale, les saisies et d\u00e9molitions massives de terres et de biens, les incursions militaires et les d\u00e9placements de population, qui constituent des violations flagrantes des r\u00e9solutions de l&#8217;ONU et du droit international. Les intervenants du S\u00e9n\u00e9gal et de Palestine ont soulign\u00e9 le r\u00f4le central de J\u00e9rusalem-Est dans l\u2019identit\u00e9 palestinienne et ont condamn\u00e9 les actions isra\u00e9liennes en cours visant \u00e0 modifier le caract\u00e8re d\u00e9mographique, religieux et culturel de la ville.<\/p>\n<p>Les intervenants et le public ont \u00e9voqu\u00e9 l&#8217;incapacit\u00e9 de la communaut\u00e9 internationale \u00e0 remplir ses obligations internationales. Les \u00c9tats membres ont \u00e9t\u00e9 exhort\u00e9s \u00e0 passer de la simple r\u00e9it\u00e9ration de principes \u00e0 l&#8217;action. Il a \u00e9t\u00e9 soulign\u00e9 que les gestes ne suffisent plus. Les \u00c9tats membres et les mouvements de solidarit\u00e9 ont appel\u00e9 \u00e0 des actions internationales concr\u00e8tes et unifi\u00e9es. Ces derni\u00e8res comprennent la rupture des relations diplomatiques avec Isra\u00ebl, la fermeture de l&#8217;espace a\u00e9rien et le boycott des produits isra\u00e9liens, ainsi que la suspension des liens \u00e9conomiques avec les organisations et entreprises li\u00e9es \u00e0 l&#8217;occupation isra\u00e9lienne.<\/p>\n<p>La seule voie r\u00e9aliste, juste et durable est la solution \u00e0 deux \u00c9tats, avec un \u00c9tat palestinien ind\u00e9pendant et souverain, bas\u00e9 sur les fronti\u00e8res de 1967, avec J\u00e9rusalem-Est pour capitale. La diplomatie reste la voie \u00e0 suivre pour la reprise des pourparlers de paix, d\u00e9fendant l&#8217;initiative de paix arabe et la solution \u00e0 deux \u00c9tats par l&#8217;interm\u00e9diaire du Comit\u00e9 des droits des Palestiniens et de l&#8217;OCI. L&#8217;ambassadeur de Palestine aupr\u00e8s de l&#8217;ONU, Riyad Mansour, a appel\u00e9 les \u00c9tats membres \u00e0 participer \u00e0 la Conf\u00e9rence de haut niveau de New York, copr\u00e9sid\u00e9e par la France et l&#8217;Arabie saoudite, ainsi qu&#8217;\u00e0 d&#8217;autres forums importants, dont le Groupe de La Haye.<\/p>\n<p>Le S\u00e9n\u00e9gal a \u00e9t\u00e9 f\u00e9licit\u00e9 pour son soutien de longue date \u00e0 la cause palestinienne. Le pays n\u2019a jamais transig\u00e9 sur ces principes a soulign\u00e9 l\u2019ambassadeur du S\u00e9n\u00e9gal aux Nations Unis, Coly Seck. Le pays porte la cause palestinienne avec constance, fid\u00e9lit\u00e9 et responsabilit\u00e9, et aujourd\u2019hui encore en accueillant cette Conf\u00e9rence. J\u00e9rusalem ne peut \u00eatre le monopole d\u2019aucune action, d\u2019aucune exclusivit\u00e9 et demeure un test moral pour l\u2019humanit\u00e9. Le S\u00e9n\u00e9gal reste cette voix constante, qui croit encore qu\u2019une paix juste est possible.<\/p>\n<p>La discussion ayant \u00e9t\u00e9 ouverte au public, afin de permettre un \u00e9change interactif avec les intervenants, un certain nombre de repr\u00e9sentants d&#8217;organisations non-gouvernementales ainsi que de la soci\u00e9t\u00e9 civile ont soulev\u00e9 des questions relatives aux actions possibles de la communaut\u00e9 internationale face \u00e0 la cause la plus douloureuse de l\u2019histoire moderne &#8211; t\u00e9moignant du plaidoyer actif de la soci\u00e9t\u00e9 civile s\u00e9n\u00e9galaise.<\/p>\n","protected":false},"excerpt":{"rendered":"<p>10 juillet 2025 Le Comit\u00e9 des Nations Unies pour l&#8217;exercice des droits inali\u00e9nables du peuple palestinien La Question De La Palestine Ne Concerne Pas Seulement Le Peuple Palestinien, Mais La Survie De L&#8217;humanit\u00e9 Et J\u00e9rusalem N&#8217;est Pas Simplement Une Terre Occup\u00e9e &#8211; C&#8217;est Une Identit\u00e9, Une Foi Et Une Histoire Occup\u00e9es \u00a0 Dakar, 10 juillet <a href=\"https:\/\/www.un.org\/unispal\/document\/la-question-de-la-palestine-ne-concerne-pas-seulement-le-peuple-palestinien-mais-la-survie-de-lhumanite-et-jerusalem-nest-pas-simplement-une-terre-occupee-cest-une-identite-une-foi-et-une-hi\/\"> [&#8230;]<\/a><\/p>\n","protected":false},"author":299,"featured_media":0,"parent":0,"template":"","meta":{"footnotes":""},"country":[1101],"document-category":[1329],"document-source":[1753,2705],"committee-meeting":[],"document-subject":[1961,1749,6771],"entity":[1729],"document-language":[6541],"class_list":["post-309236","document","type-document","status-publish","hentry","country-senegal","document-category-press-release","document-source-ceirpp","document-source-organization-of-islamic-cooperation-oic","document-subject-jerusalem","document-subject-palestine-question","document-subject-two-state-solution","entity-united-nations-system","document-language-french"],"_links":{"self":[{"href":"https:\/\/www.un.org\/unispal\/wp-json\/wp\/v2\/document\/309236","targetHints":{"allow":["GET"]}}],"collection":[{"href":"https:\/\/www.un.org\/unispal\/wp-json\/wp\/v2\/document"}],"about":[{"href":"https:\/\/www.un.org\/unispal\/wp-json\/wp\/v2\/types\/document"}],"author":[{"embeddable":true,"href":"https:\/\/www.un.org\/unispal\/wp-json\/wp\/v2\/users\/299"}],"version-history":[{"count":7,"href":"https:\/\/www.un.org\/unispal\/wp-json\/wp\/v2\/document\/309236\/revisions"}],"predecessor-version":[{"id":309328,"href":"https:\/\/www.un.org\/unispal\/wp-json\/wp\/v2\/document\/309236\/revisions\/309328"}],"wp:attachment":[{"href":"https:\/\/www.un.org\/unispal\/wp-json\/wp\/v2\/media?parent=309236"}],"wp:term":[{"taxonomy":"country","embeddable":true,"href":"https:\/\/www.un.org\/unispal\/wp-json\/wp\/v2\/country?post=309236"},{"taxonomy":"document-category","embeddable":true,"href":"https:\/\/www.un.org\/unispal\/wp-json\/wp\/v2\/document-category?post=309236"},{"taxonomy":"document-source","embeddable":true,"href":"https:\/\/www.un.org\/unispal\/wp-json\/wp\/v2\/document-source?post=309236"},{"taxonomy":"committee-meeting","embeddable":true,"href":"https:\/\/www.un.org\/unispal\/wp-json\/wp\/v2\/committee-meeting?post=309236"},{"taxonomy":"document-subject","embeddable":true,"href":"https:\/\/www.un.org\/unispal\/wp-json\/wp\/v2\/document-subject?post=309236"},{"taxonomy":"entity","embeddable":true,"href":"https:\/\/www.un.org\/unispal\/wp-json\/wp\/v2\/entity?post=309236"},{"taxonomy":"document-language","embeddable":true,"href":"https:\/\/www.un.org\/unispal\/wp-json\/wp\/v2\/document-language?post=309236"}],"curies":[{"name":"wp","href":"https:\/\/api.w.org\/{rel}","templated":true}]}}