  {"id":11480,"date":"2023-11-17T10:44:32","date_gmt":"2023-11-17T15:44:32","guid":{"rendered":"https:\/\/www.un.org\/unispal\/es\/?post_type=tribe_events&#038;p=11480"},"modified":"2023-11-20T17:18:50","modified_gmt":"2023-11-20T22:18:50","slug":"conmemoracion-del-dia-internacional-de-la-solidaridad-con-el-pueblo-palestino","status":"publish","type":"tribe_events","link":"https:\/\/www.un.org\/unispal\/es\/event\/conmemoracion-del-dia-internacional-de-la-solidaridad-con-el-pueblo-palestino\/","title":{"rendered":"CONMEMORACI\u00d3N DEL D\u00cdA INTERNACIONAL DE LA SOLIDARIDAD CON EL PUEBLO PALESTINO"},"content":{"rendered":"<p>Como es habitual, de conformidad con la resoluci\u00f3n 32\/40 B de la Asamblea General, de 2 de diciembre de 1977, el <strong>D\u00eda Internacional de Solidaridad con el Pueblo Palestino<\/strong> (D\u00eda de la Solidaridad) ser\u00e1 conmemorado por el Comit\u00e9 para el Ejercicio de los Derechos Inalienables del Pueblo Palestino (CEIRPP) en una <strong>Sesi\u00f3n Especial<\/strong> donde los Estados miembros de la ONU podr\u00e1n expresar su solidaridad con el pueblo palestino, a trav\u00e9s de mensajes de Jefes de Estado y de Gobierno. Se celebran eventos similares en las sedes de la ONU de Ginebra, Nairobi y Viena, as\u00ed como los Centros de Informaci\u00f3n de las Naciones Unidas (CINU) de todo el mundo.<\/p>\n<p>Este a\u00f1o, la Asamblea Extraordinaria se realizar\u00e1 de manera presencial el mi\u00e9rcoles <strong><u>29 de noviembre de 9 a 12 horas<\/u> <\/strong>(hora de Nueva York) y se transmitir\u00e1 <strong><u>en vivo por<\/u><\/strong><u> <strong>±¬ÁÏÍø WebTV<\/strong><\/u>.<\/p>\n<p>El D\u00eda Internacional de Solidaridad brinda una oportunidad para que la comunidad internacional centre su atenci\u00f3n en el hecho de que la cuesti\u00f3n de Palestina sigue sin resolverse y que el pueblo palestino a\u00fan no ha alcanzado sus derechos inalienables definidos por la Asamblea General, a saber, el derecho a libre determinaci\u00f3n, el derecho a la independencia y soberan\u00eda nacionales y el derecho al retorno.<\/p>\n<p>La Sesi\u00f3n Especial estar\u00e1 presidida por el <strong>Vicepresidente del Comit\u00e9 y Representante Permanente de Malasia, Embajador Ahmad Faisal Muhammad<\/strong>, quien pronunciar\u00e1 un discurso de apertura, seguido de declaraciones del <strong>Presidente de la Asamblea General<\/strong>, el <strong>Presidente del Consejo de Seguridad<\/strong>, y por el <strong>Secretario General<\/strong>. El <strong>Observador Permanente del Estado de Palestina<\/strong> pronunciar\u00e1 una declaraci\u00f3n en nombre de Mahmoud Abbas, Presidente del Estado de Palestina.<\/p>\n<p>Los representantes de la <strong>Uni\u00f3n Africana<\/strong>, la <strong>Liga \u00c1rabe<\/strong>, la <strong>Organizaci\u00f3n de Cooperaci\u00f3n Isl\u00e1mica<\/strong>, el <strong>Presidente del Comit\u00e9 Especial encargado de investigar las pr\u00e1cticas israel\u00edes que afecten a los derechos humanos del pueblo palestino y otros habitantes \u00e1rabes de los territorios ocupados<\/strong>, as\u00ed como representantes de otras organizaciones intergubernamentales pronunciar\u00e1n declaraciones en la segunda parte del Encuentro. Posteriormente, el Sr. <strong>Peter Makari, Ejecutivo para Medio Oriente y Europa de la Junta de Ministerios Globales Comunes de la Iglesia Unida de Cristo y la Iglesia Cristiana (Disc\u00edpulos de Cristo)<\/strong>, tambi\u00e9n compartir\u00e1 sus palabras como representante de la Sociedad Civil.<\/p>\n<p>Despu\u00e9s de la Sesi\u00f3n Especial, los asistentes ser\u00e1n invitados a ir al <strong>vest\u00edbulo de visitantes de la ONU<\/strong> para la inauguraci\u00f3n de una exposici\u00f3n titulada \u201c<strong>Palestina: una tierra con un pueblo<\/strong>\u201d. La exposici\u00f3n contiene fotograf\u00edas, v\u00eddeos y arte que representan diferentes episodios del viaje palestino antes, durante y despu\u00e9s de la <em>Nakba<\/em>, un acontecimiento profundamente traum\u00e1tico durante la guerra \u00e1rabe-israel\u00ed de 1948, cuando m\u00e1s de la mitad de la poblaci\u00f3n palestina fue expulsada o huy\u00f3 de sus hogares. y se convirtieron en refugiados.<\/p>\n<p>&nbsp;<\/p>\n<p>La Sesi\u00f3n Especial estar\u00e1 abierta a los medios de comunicaci\u00f3n.<\/p>\n<p>La Sesi\u00f3n Especial ser\u00e1 traducida simult\u00e1neamente a los seis idiomas oficiales de la ONU.<\/p>\n<p>La Sesi\u00f3n ser\u00e1 retransmitida por <a href=\"https:\/\/media.un.org\/en\/webtv\">±¬ÁÏÍø Web TV<\/a><\/p>\n<p>&nbsp;<\/p>\n<p>&nbsp;<\/p>\n","protected":false},"excerpt":{"rendered":"<p>Como es habitual, de conformidad con la resoluci\u00f3n 32\/40 B de la Asamblea General, de 2 de diciembre de 1977, el D\u00eda Internacional de Solidaridad con el Pueblo Palestino (D\u00eda de la Solidaridad) ser\u00e1 conmemorado por el Comit\u00e9 para el Ejercicio de los Derechos Inalienables del Pueblo Palestino (CEIRPP) en una Sesi\u00f3n Especial donde los <a href=\"https:\/\/www.un.org\/unispal\/es\/event\/conmemoracion-del-dia-internacional-de-la-solidaridad-con-el-pueblo-palestino\/\"> [&#8230;]<\/a><\/p>\n","protected":false},"author":293,"featured_media":0,"template":"","meta":{"_tribe_events_status":"","_tribe_events_status_reason":"","footnotes":""},"tags":[],"tribe_events_cat":[],"class_list":["post-11480","tribe_events","type-tribe_events","status-publish","hentry"],"_links":{"self":[{"href":"https:\/\/www.un.org\/unispal\/es\/wp-json\/wp\/v2\/tribe_events\/11480","targetHints":{"allow":["GET"]}}],"collection":[{"href":"https:\/\/www.un.org\/unispal\/es\/wp-json\/wp\/v2\/tribe_events"}],"about":[{"href":"https:\/\/www.un.org\/unispal\/es\/wp-json\/wp\/v2\/types\/tribe_events"}],"author":[{"embeddable":true,"href":"https:\/\/www.un.org\/unispal\/es\/wp-json\/wp\/v2\/users\/293"}],"version-history":[{"count":3,"href":"https:\/\/www.un.org\/unispal\/es\/wp-json\/wp\/v2\/tribe_events\/11480\/revisions"}],"predecessor-version":[{"id":11488,"href":"https:\/\/www.un.org\/unispal\/es\/wp-json\/wp\/v2\/tribe_events\/11480\/revisions\/11488"}],"wp:attachment":[{"href":"https:\/\/www.un.org\/unispal\/es\/wp-json\/wp\/v2\/media?parent=11480"}],"wp:term":[{"taxonomy":"post_tag","embeddable":true,"href":"https:\/\/www.un.org\/unispal\/es\/wp-json\/wp\/v2\/tags?post=11480"},{"taxonomy":"tribe_events_cat","embeddable":true,"href":"https:\/\/www.un.org\/unispal\/es\/wp-json\/wp\/v2\/tribe_events_cat?post=11480"}],"curies":[{"name":"wp","href":"https:\/\/api.w.org\/{rel}","templated":true}]}}